{"id":52563,"date":"2019-03-16T11:36:10","date_gmt":"2019-03-16T10:36:10","guid":{"rendered":"https:\/\/gelateriadiberna.ch\/oeffnungszeiten\/"},"modified":"2026-04-15T11:50:36","modified_gmt":"2026-04-15T09:50:36","slug":"ouverture","status":"publish","type":"page","link":"https:\/\/gelateriadiberna.ch\/fr\/ouverture\/","title":{"rendered":"Lieux &#038; horaires d\u2019ouverture"},"content":{"rendered":"\n<p><\/p>\n\n\n\n<p><a style=\"white-space: normal;\" href=\"#basel\">Aarau<\/a><span style=\"caret-color: rgb(0, 0, 0); color: rgb(0, 0, 0); font-family: -webkit-standard; font-size: medium; white-space: normal;\">\u00a0|\u00a0<\/span><a href=\"#basel\">B\u00e2le<\/a> | <a href=\"#bern\">Berne<\/a> | <a href=\"#luzern\">Lucerne<\/a> | <a href=\"#zuerich\">Zurich<\/a> | <a href=\"#graubuenden\">Grisons<\/a><\/p>\n\n\n\n<hr class=\"wp-block-separator has-css-opacity is-style-wide\"\/>\n\n\n\n<h2 class=\"wp-block-heading has-text-align-left\" id=\"basel\"><strong>Aarau <\/strong><\/h2>\n\n\n\n<p class=\"has-text-align-left\"><strong><strong>Piccola Gelateria LYSA Aarau <\/strong><\/strong><br>Graben 15<br>5000 Aarau<\/p>\n\n\n\n<div class=\"wp-block-group\"><div class=\"wp-block-group__inner-container is-layout-constrained wp-block-group-is-layout-constrained\">\n<div class=\"wp-block-group\"><div class=\"wp-block-group__inner-container is-layout-constrained wp-block-group-is-layout-constrained\">\n<p>mardi &#8211; mercredi 12 h \u00e0 17 h<br>jeudi &#8211; samedi 12 \u00e0 21 h <br>dimanche 12 \u00e0 16 h <br><br>Par beau temps uniquement<\/p>\n\n\n\n<p><a href=\"https:\/\/www.google.com\/maps\/place\/Kaffee+LYSA+Bar\/@47.3924233,8.0461372,787m\/data=!3m2!1e3!4b1!4m6!3m5!1s0x47903bed60aa375b:0x2ed7eebf704e25a5!8m2!3d47.3924233!4d8.0461372!16s%2Fg%2F11yvj92zc2?entry=ttu&amp;g_ep=EgoyMDI2MDQxMi4wIKXMDSoASAFQAw%3D%3D\" target=\"_blank\">Google Maps<\/a><\/p>\n<\/div><\/div>\n<\/div><\/div>\n\n\n\n<hr class=\"wp-block-separator has-css-opacity is-style-wide\"\/>\n\n\n\n<h2 class=\"wp-block-heading has-text-align-left\" id=\"basel\"><strong>B\u00e2le<\/strong><\/h2>\n\n\n\n<p class=\"has-text-align-left\"><strong>Laboratorio Kleinbasel<\/strong><br>Offenburgerstrasse 32<br>4057 Basel<\/p>\n\n\n\n<p class=\"has-text-align-left\"><br>Du lundi au dimache, de 12 h \u00e0 21 h<br>Par tous les temps<br><br><a href=\"https:\/\/www.google.ch\/maps\/place\/Offenburgerstrasse+32,+4057+Basel\/@47.569101,7.5862829,17z\/data=!3m1!4b1!4m5!3m4!1s0x4791b9a17ce64fbd:0x569ba97530a4b49!8m2!3d47.569101!4d7.5884716\" target=\"_blank\" target=\"_blank\" target=\"_blank\" rel=\"noreferrer noopener\">Google Maps<\/a><\/p>\n\n\n\n<hr class=\"wp-block-separator has-css-opacity is-style-wide\"\/>\n\n\n\n<p><strong>Laboratorio Gundeli<\/strong><br>Bruderholzstrasse 45<br>4053 Basel*<br><br>Du lundi au dimache, de 12 h \u00e0 21 h<br>Par tous les temps<br><br><a href=\"https:\/\/www.google.ch\/maps\/place\/Offenburgerstrasse+32,+4057+Basel\/@47.569101,7.5862829,17z\/data=!3m1!4b1!4m5!3m4!1s0x4791b9a17ce64fbd:0x569ba97530a4b49!8m2!3d47.569101!4d7.5884716\" target=\"_blank\" target=\"_blank\" target=\"_blank\" rel=\"noreferrer noopener\">Googl<\/a><a href=\"https:\/\/www.google.com\/maps\/place\/Gelateria+di+Berna\/@47.5434215,7.5898525,17z\/data=!3m1!4b1!4m6!3m5!1s0x4791b93d78cdb115:0xdc2cbe730cc6ffa2!8m2!3d47.543418!4d7.5947234!16s%2Fg%2F11x8mbxvyd?entry=ttu&amp;g_ep=EgoyMDI1MDQwOS4wIKXMDSoASAFQAw%3D%3D\" target=\"_blank\" target=\"_blank\" rel=\"noreferrer noopener\">e Maps <\/a><\/p>\n\n\n\n<hr class=\"wp-block-separator has-css-opacity is-style-wide\"\/>\n\n\n\n<hr class=\"wp-block-separator has-css-opacity is-style-wide\"\/>\n\n\n\n<h2 class=\"wp-block-heading\" id=\"bern\"><strong>Berne<\/strong><\/h2>\n\n\n\n<p><strong>Laboratorio L\u00e4nggasse<\/strong><br>Mittelstrasse 15<br>3012 Bern<\/p>\n\n\n\n<p><br>Du lundi au dimache, de 12 h \u00e0 21 h<br>Par tous les temps<\/p>\n\n\n\n<p><a href=\"https:\/\/www.google.com\/maps\/place\/Gelateria+di+Berna\/@46.9546067,7.4315633,17z\/data=!3m1!4b1!4m5!3m4!1s0x478e3997c0f55705:0x7bb423f859897ddd!8m2!3d46.9546067!4d7.433752\" target=\"_blank\" target=\"_blank\" rel=\"noreferrer noopener\">Google Maps<\/a><\/p>\n\n\n\n<hr class=\"wp-block-separator has-css-opacity is-style-wide\"\/>\n\n\n\n<p><strong>Laboratorio Marzili<\/strong><br>Marzilistrasse 32<br>3005 Bern<\/p>\n\n\n\n<p><br>Du lundi au dimache, de 12 h \u00e0 21 h<br>Par tous les temps<br><br><a href=\"https:\/\/www.google.com\/maps\/place\/Gelateria+di+Berna\/@46.9427067,7.4410266,17z\/data=!3m1!4b1!4m5!3m4!1s0x478e39c87b698545:0x511e93455a0dcd1f!8m2!3d46.9427067!4d7.4432153\" target=\"_blank\" target=\"_blank\" rel=\"noreferrer noopener\">Google Maps<\/a><\/p>\n\n\n\n<hr class=\"wp-block-separator has-css-opacity is-style-wide\"\/>\n\n\n\n<p><strong>Laboratorio Breitenrain<\/strong><br>Scheibenstrasse 18<br>3014 Bern<\/p>\n\n\n\n<p><br>Du lundi au dimache, de 12 h \u00e0 21 h<br>Par tous les temps<br><br><a href=\"https:\/\/www.google.com\/maps\/place\/Gelateria+di+Berna\/@46.9604489,7.4520055,17z\/data=!3m1!4b1!4m5!3m4!1s0x478e39ee4b0031a3:0xfd3f465a1244a7d3!8m2!3d46.9604489!4d7.4541942\" target=\"_blank\" target=\"_blank\" rel=\"noreferrer noopener\">Google Maps<\/a><\/p>\n\n\n\n<hr class=\"wp-block-separator has-css-opacity is-style-wide\"\/>\n\n\n\n<p><strong>Laboratorio Mattenhof<\/strong><br>Pestalozzistrasse 1<br>3007 Bern<\/p>\n\n\n\n<p><br>Du lundi au dimache, de 12 h \u00e0 21 h<br>Par tous les temps<\/p>\n\n\n\n<p><br><a href=\"https:\/\/www.google.com\/maps\/place\/Gelateria+di+Berna\/@46.9416194,7.4236511,17z\/data=!3m1!4b1!4m5!3m4!1s0x478e39aee701b04b:0xa87d930312045149!8m2!3d46.9416194!4d7.4258398\" target=\"_blank\" target=\"_blank\" rel=\"noreferrer noopener\">Google Maps<\/a><\/p>\n\n\n\n<hr class=\"wp-block-separator has-css-opacity is-style-wide\"\/>\n\n\n\n<p><strong>Piccola Gelateria bei der Orangerie Elfenau<\/strong><br>Elfenauweg 94<br>3006 Bern<\/p>\n\n\n\n<p>mercredis, vendredis, samedis et dimanches, de 13h \u00e0 18h<br><br>Par beau temps uniquement<\/p>\n\n\n\n<p><a href=\"https:\/\/www.google.com\/maps\/place\/Elfenauweg+94,+3006+Bern,+Switzerland\/@46.9316283,7.4625147,15.75z\/data=!4m6!3m5!1s0x478e377f42404e85:0xe88cdbdab46f55b!8m2!3d46.9327272!4d7.466072!16s%2Fg%2F11dzmm0c54?entry=ttu&amp;g_ep=EgoyMDI1MDQwMS4wIKXMDSoASAFQAw%3D%3D\" target=\"_blank\" target=\"_blank\" rel=\"noreferrer noopener\">Google Maps<\/a><\/p>\n\n\n\n<hr class=\"wp-block-separator has-css-opacity is-style-wide\"\/>\n\n\n\n<p><strong>Ape Piaggio beim Lido Altenberg<\/strong><br>Uferweg 4<br>3013 Bern<\/p>\n\n\n\n<p>jeudis, samedis et dimanches, de 14h \u00e0 18h<\/p>\n\n\n\n<p>Par beau temps uniquement<\/p>\n\n\n\n<p><a href=\"https:\/\/www.google.com\/maps\/place\/Lido+Altenberg\/@46.9511363,7.4470555,15z\/data=!4m2!3m1!1s0x0:0xcbd007e468ec7cff?sa=X&amp;ved=1t:2428&amp;ictx=111\" target=\"_blank\" target=\"_blank\" rel=\"noreferrer noopener\">Google Maps<\/a><\/p>\n\n\n\n<hr class=\"wp-block-separator has-css-opacity is-style-wide\"\/>\n\n\n\n<hr class=\"wp-block-separator has-css-opacity is-style-wide\"\/>\n\n\n\n<h2 class=\"wp-block-heading\" id=\"lausanne\"><strong>Lausanne<\/strong><\/h2>\n\n\n\n<p><strong>Laboratorio Flon<\/strong><br>Path\u00e9 Flon<br>Rue du Port-Franc 16<br>1003 Lausanne<\/p>\n\n\n\n<p>Du lundi au dimache, de 12 h  \u00e0 21 h<br>Par tous les temps <\/p>\n\n\n\n<p><a href=\"https:\/\/g.co\/kgs\/1UtymxZ\" target=\"_blank\" target=\"_blank\" rel=\"noreferrer noopener\">Google Maps<\/a><\/p>\n\n\n\n<hr class=\"wp-block-separator has-css-opacity is-style-wide\"\/>\n\n\n\n<hr class=\"wp-block-separator has-css-opacity is-style-wide\"\/>\n\n\n\n<h2 class=\"wp-block-heading\" id=\"luzern\"><strong>Lucerne<\/strong><\/h2>\n\n\n\n<p><strong>Piccola Gelateria di Berna beim KKL<\/strong><br>Europaplatz 1<br>6005 Luzern<\/p>\n\n\n\n<p>Vacances d&#8217;hiver<\/p>\n\n\n\n<p>Le d\u00e9but de saison: Samedi 18 avril 2026<\/p>\n\n\n\n<p><a href=\"https:\/\/g.co\/kgs\/7xE9NFa\" target=\"_blank\" target=\"_blank\" rel=\"noreferrer noopener\">Google Maps<\/a> <\/p>\n\n\n\n<hr class=\"wp-block-separator has-css-opacity is-style-wide\"\/>\n\n\n\n<hr class=\"wp-block-separator has-css-opacity is-style-wide\"\/>\n\n\n\n<h2 class=\"wp-block-heading\" id=\"zuerich\"><strong>Zurich<\/strong><\/h2>\n\n\n\n<p><strong>Laboratorio Brupbacherplatz<\/strong><br>Weststrasse 196<br>8003 Z\u00fcrich<\/p>\n\n\n\n<p><br>Du lundi au dimache, de 12 h \u00e0 21 h<br>Par tous les temps<\/p>\n\n\n\n<p><br><a href=\"https:\/\/www.google.com\/maps\/place\/Gelateria+di+Berna\/@47.3749426,8.514929,17z\/data=!3m1!4b1!4m5!3m4!1s0x47900a2269f0f7cb:0x3f02a646d93eb813!8m2!3d47.3749426!4d8.5171177\" target=\"_blank\" target=\"_blank\" rel=\"noreferrer noopener\">Google Maps<\/a><\/p>\n\n\n\n<hr class=\"wp-block-separator has-css-opacity is-style-wide\"\/>\n\n\n\n<p><strong>Laboratorio Frau Gerolds Garten<\/strong><br>Geroldstrasse 23b<br>8005 Z\u00fcrich<\/p>\n\n\n\n<p><br>Du lundi au dimache, de 12 h \u00e0 21 h<br>Par tous les temps<br><br><a href=\"https:\/\/www.google.com\/maps\/place\/Gelateria+di+Berna\/@47.3855523,8.5171641,17z\/data=!3m1!4b1!4m5!3m4!1s0x47900bd76ec52053:0x4aaaa2da59e85d3b!8m2!3d47.3855523!4d8.5193528\" target=\"_blank\" target=\"_blank\" rel=\"noreferrer noopener\">Google Maps<\/a><\/p>\n\n\n\n<hr class=\"wp-block-separator has-css-opacity is-style-wide\"\/>\n\n\n\n<p><strong>Laboratorio Zollhaus<\/strong><br>Zollstrasse 117<br>8005 Z\u00fcrich<\/p>\n\n\n\n<p><br>Du lundi au dimache, de 12 h \u00e0 21 h<br>Par tous les temps<br><br><a href=\"https:\/\/www.google.com\/maps\/place\/Zollstrasse+119,+8005+Z%C3%BCrich,+Schweiz\/@47.3816359,8.5277881,17z\/data=!3m1!4b1!4m5!3m4!1s0x47900a119cc9173b:0x8cd6ca057e69332!8m2!3d47.3816359!4d8.5299768\" target=\"_blank\" target=\"_blank\" rel=\"noreferrer noopener\">Google Maps<\/a><\/p>\n\n\n\n<hr class=\"wp-block-separator has-css-opacity is-style-wide\"\/>\n\n\n\n<p><strong>Laboratorio R\u00f6schibachplatz<\/strong><br>R\u00f6schibachstrasse 79<br>8037 Z\u00fcrich<\/p>\n\n\n\n<p><br>Du lundi au dimache, de 12 h \u00e0 21 h<br>Par tous les temps<br><br><a href=\"https:\/\/www.google.com\/maps\/place\/R%C3%B6schibachstrasse+79,+8037+Z%C3%BCrich\/@47.3934361,8.52628,17z\/data=!3m1!4b1!4m6!3m5!1s0x47900a69407a0f4b:0xefa98fb315434946!8m2!3d47.3934361!4d8.5288549!16s%2Fg%2F11c5ng6kfz?entry=ttu\" target=\"_blank\" target=\"_blank\" rel=\"noreferrer noopener\">Google Maps<\/a><\/p>\n\n\n\n<hr class=\"wp-block-separator has-css-opacity is-style-wide\"\/>\n\n\n\n<p><strong>Piccola Gelateria in MICAS Garten<\/strong><br>Badenerstrasse 790<br>8048 Z\u00fcrich<\/p>\n\n\n\n<p>Verndredi 18h \u00e0 22h<br>Samedi 16h \u00e0 22h<br>Dimache 16h \u00e0 21h<br>Par beau temps uniquement<\/p>\n\n\n\n<p><a href=\"https:\/\/www.google.com\/maps\/place\/MICAS+GARTEN\/@47.3935686,8.4756957,15z\/data=!4m2!3m1!1s0x0:0x1c7e673139386983?sa=X&amp;ved=2ahUKEwjnx8bN_tXxAhUfhf0HHaayC-YQ_BIwFHoECEsQBQ\" target=\"_blank\" target=\"_blank\" rel=\"noreferrer noopener\">Google Maps<\/a><\/p>\n\n\n\n<hr class=\"wp-block-separator has-css-opacity is-style-wide\"\/>\n\n\n\n<p><strong><strong>Ape Piaggio bei der Werdinsel<\/strong><\/strong><br>Winzerhalde 12<br>8049 Z\u00fcrich<br><br>Vacances d&#8217;hiver<\/p>\n\n\n\n<p><a href=\"https:\/\/www.google.com\/maps\/place\/Winzerhalde+12,+8049+Z%C3%BCrich,+Switzerland\/@47.3998551,8.4906259,590m\/data=!3m2!1e3!4b1!4m5!3m4!1s0x47900bb1d7968e7f:0x4d722461e001396!8m2!3d47.3998515!4d8.4932008?entry=ttu&amp;g_ep=EgoyMDI1MDQxNi4xIKXMDSoASAFQAw%3D%3D\" target=\"_blank\">Google Maps<\/a><\/p>\n\n\n\n<hr class=\"wp-block-separator has-css-opacity is-style-wide\"\/>\n\n\n\n<h2 class=\"wp-block-heading\" id=\"graubuenden\"><strong>Grisons<\/strong><\/h2>\n\n\n\n<p><strong>Piccola Gelateria beim Camping St. Moritz<\/strong><br>Via San Gian 55<br>7500 St. Moritz<\/p>\n\n\n\n<p>Vacances d&#8217;hiver<\/p>\n\n\n\n<p><a href=\"https:\/\/www.google.com\/maps\/place\/Via+San+Gian+55,+7500+St.+Moritz,+Switzerland\/@46.4787705,9.8248082,15z\/data=!4m6!3m5!1s0x47837e09bd89c211:0x9a3cbf4ff59d01ee!8m2!3d46.478643!4d9.825349!16s%2Fg%2F11fjxxs98q?entry=ttu\" target=\"_blank\" target=\"_blank\" rel=\"noreferrer noopener\">Google Maps<\/a><\/p>\n\n\n\n<hr class=\"wp-block-separator has-css-opacity is-style-wide\"\/>\n\n\n\n<p><strong>Gelateria beim Segelhaus St. Moritz<\/strong><br>Via Grevas 34<br>7500 St. Moritz<\/p>\n\n\n\n<p>Vacances d&#8217;hiver<\/p>\n\n\n\n<p><a href=\"https:\/\/g.co\/kgs\/Wd6zK9m\" target=\"_blank\" target=\"_blank\" rel=\"noreferrer noopener\">Google Maps<\/a><\/p>\n\n\n\n<hr class=\"wp-block-separator has-css-opacity is-style-wide\"\/>\n\n\n\n<p><\/p>\n\n\n\n<p><strong>Piccola Gelateria in Pontresina<\/strong><br>Via Maistra 160<br>7504 Pontresina<\/p>\n\n\n\n<p>Vacances d&#8217;hiver<\/p>\n\n\n\n<p><a href=\"https:\/\/www.google.com\/maps\/place\/Via+Maistra+160,+7504+Pontresina,+Switzerland\/@46.491418,9.9011365,17z\/data=!3m1!4b1!4m6!3m5!1s0x47837c0c99685c35:0xb32a905b41f4b265!8m2!3d46.4914143!4d9.9037114!16s%2Fg%2F11cs5kf431?entry=ttu\" target=\"_blank\" target=\"_blank\" rel=\"noreferrer noopener\">Google Maps<\/a><\/p>\n","protected":false},"excerpt":{"rendered":"<p>Aarau\u00a0|\u00a0B\u00e2le | Berne | Lucerne | Zurich | Grisons Aarau Piccola Gelateria LYSA Aarau Graben 155000 Aarau mardi &#8211; mercredi 12 h \u00e0 17 hjeudi &#8211; samedi 12 \u00e0 21 h dimanche 12 \u00e0 16 h Par beau temps uniquement Google Maps B\u00e2le Laboratorio KleinbaselOffenburgerstrasse 324057 Basel Du lundi au dimache, de 12 h \u00e0 [&hellip;]<\/p>\n","protected":false},"author":4,"featured_media":0,"parent":0,"menu_order":0,"comment_status":"closed","ping_status":"closed","template":"","meta":{"_acf_changed":false,"footnotes":""},"class_list":["post-52563","page","type-page","status-publish","hentry"],"acf":[],"_links":{"self":[{"href":"https:\/\/gelateriadiberna.ch\/fr\/wp-json\/wp\/v2\/pages\/52563","targetHints":{"allow":["GET"]}}],"collection":[{"href":"https:\/\/gelateriadiberna.ch\/fr\/wp-json\/wp\/v2\/pages"}],"about":[{"href":"https:\/\/gelateriadiberna.ch\/fr\/wp-json\/wp\/v2\/types\/page"}],"author":[{"embeddable":true,"href":"https:\/\/gelateriadiberna.ch\/fr\/wp-json\/wp\/v2\/users\/4"}],"replies":[{"embeddable":true,"href":"https:\/\/gelateriadiberna.ch\/fr\/wp-json\/wp\/v2\/comments?post=52563"}],"version-history":[{"count":45,"href":"https:\/\/gelateriadiberna.ch\/fr\/wp-json\/wp\/v2\/pages\/52563\/revisions"}],"predecessor-version":[{"id":63011,"href":"https:\/\/gelateriadiberna.ch\/fr\/wp-json\/wp\/v2\/pages\/52563\/revisions\/63011"}],"wp:attachment":[{"href":"https:\/\/gelateriadiberna.ch\/fr\/wp-json\/wp\/v2\/media?parent=52563"}],"curies":[{"name":"wp","href":"https:\/\/api.w.org\/{rel}","templated":true}]}}